{"id":127,"date":"2023-12-10T17:11:15","date_gmt":"2023-12-10T16:11:15","guid":{"rendered":"https:\/\/www.lamemoirepetribocienne.fr\/?page_id=127"},"modified":"2024-02-03T17:05:18","modified_gmt":"2024-02-03T16:05:18","slug":"itineraire-1-et-2-point-3","status":"publish","type":"page","link":"https:\/\/www.lamemoirepetribocienne.fr\/index.php\/les-empreintes-du-temps\/itineraire-1-et-2-point-3\/","title":{"rendered":"ITIN\u00c9RAIRE 1 ET 2 &#8211; POINT 3 &#8211; LA GARE"},"content":{"rendered":"\t\t<div data-elementor-type=\"wp-page\" data-elementor-id=\"127\" class=\"elementor elementor-127\">\n\t\t\t\t<div class=\"elementor-element elementor-element-e995f9b e-flex e-con-boxed wpr-particle-no wpr-jarallax-no wpr-parallax-no wpr-sticky-section-no e-con e-parent\" data-id=\"e995f9b\" data-element_type=\"container\">\n\t\t\t\t\t<div class=\"e-con-inner\">\n\t\t\t\t<div class=\"elementor-element elementor-element-1dd2c7c elementor-widget elementor-widget-heading\" data-id=\"1dd2c7c\" data-element_type=\"widget\" data-widget_type=\"heading.default\">\n\t\t\t\t<div class=\"elementor-widget-container\">\n\t\t\t\t\t<h2 class=\"elementor-heading-title elementor-size-default\">ITIN\u00c9RAIRE 1 ET 2 - POINT 3<\/h2>\t\t\t\t<\/div>\n\t\t\t\t<\/div>\n\t\t\t\t\t<\/div>\n\t\t\t\t<\/div>\n\t\t<div class=\"elementor-element elementor-element-c2d0594 e-flex e-con-boxed wpr-particle-no wpr-jarallax-no wpr-parallax-no wpr-sticky-section-no e-con e-parent\" data-id=\"c2d0594\" data-element_type=\"container\">\n\t\t\t\t\t<div class=\"e-con-inner\">\n\t\t\t\t<div class=\"elementor-element elementor-element-11264de elementor-widget elementor-widget-heading\" data-id=\"11264de\" data-element_type=\"widget\" data-widget_type=\"heading.default\">\n\t\t\t\t<div class=\"elementor-widget-container\">\n\t\t\t\t\t<h2 class=\"elementor-heading-title elementor-size-default\">Le Chemin de Fer<\/h2>\t\t\t\t<\/div>\n\t\t\t\t<\/div>\n\t\t\t\t\t<\/div>\n\t\t\t\t<\/div>\n\t\t<div class=\"elementor-element elementor-element-492c210 e-flex e-con-boxed wpr-particle-no wpr-jarallax-no wpr-parallax-no wpr-sticky-section-no e-con e-parent\" data-id=\"492c210\" data-element_type=\"container\">\n\t\t\t\t\t<div class=\"e-con-inner\">\n\t\t\t\t<div class=\"elementor-element elementor-element-f96ad8a elementor-widget elementor-widget-text-editor\" data-id=\"f96ad8a\" data-element_type=\"widget\" data-widget_type=\"text-editor.default\">\n\t\t\t\t<div class=\"elementor-widget-container\">\n\t\t\t\t\t\t\t\t\t<audio class=\"wp-audio-shortcode\" id=\"audio-127-1\" autoplay preload=\"auto\" style=\"width: 100%;\" controls=\"controls\"><source type=\"audio\/mpeg\" src=\"http:\/\/www.lamemoirepetribocienne.fr\/wp-content\/uploads\/2024\/01\/Le-chemin-de-fer.mp3?_=1\" \/><a href=\"http:\/\/www.lamemoirepetribocienne.fr\/wp-content\/uploads\/2024\/01\/Le-chemin-de-fer.mp3\">http:\/\/www.lamemoirepetribocienne.fr\/wp-content\/uploads\/2024\/01\/Le-chemin-de-fer.mp3<\/a><\/audio>\t\t\t\t\t\t\t\t<\/div>\n\t\t\t\t<\/div>\n\t\t\t\t\t<\/div>\n\t\t\t\t<\/div>\n\t\t<div class=\"elementor-element elementor-element-cede19b e-flex e-con-boxed wpr-particle-no wpr-jarallax-no wpr-parallax-no wpr-sticky-section-no e-con e-parent\" data-id=\"cede19b\" data-element_type=\"container\">\n\t\t\t\t\t<div class=\"e-con-inner\">\n\t\t<div class=\"elementor-element elementor-element-5a47bc6 e-con-full e-flex wpr-particle-no wpr-jarallax-no wpr-parallax-no wpr-sticky-section-no e-con e-child\" data-id=\"5a47bc6\" data-element_type=\"container\">\n\t\t\t\t<div class=\"elementor-element elementor-element-53d26b3 elementor-widget elementor-widget-image\" data-id=\"53d26b3\" data-element_type=\"widget\" data-widget_type=\"image.default\">\n\t\t\t\t<div class=\"elementor-widget-container\">\n\t\t\t\t\t\t\t\t\t\t\t\t\t\t\t<img fetchpriority=\"high\" decoding=\"async\" width=\"750\" height=\"750\" src=\"https:\/\/www.lamemoirepetribocienne.fr\/wp-content\/uploads\/2024\/02\/Photo-AI-10-point-3-corrige.jpg\" class=\"attachment-large size-large wp-image-2871\" alt=\"\" srcset=\"https:\/\/www.lamemoirepetribocienne.fr\/wp-content\/uploads\/2024\/02\/Photo-AI-10-point-3-corrige.jpg 1024w, https:\/\/www.lamemoirepetribocienne.fr\/wp-content\/uploads\/2024\/02\/Photo-AI-10-point-3-corrige-300x300.jpg 300w, https:\/\/www.lamemoirepetribocienne.fr\/wp-content\/uploads\/2024\/02\/Photo-AI-10-point-3-corrige-150x150.jpg 150w, https:\/\/www.lamemoirepetribocienne.fr\/wp-content\/uploads\/2024\/02\/Photo-AI-10-point-3-corrige-768x768.jpg 768w\" sizes=\"(max-width: 750px) 100vw, 750px\" \/>\t\t\t\t\t\t\t\t\t\t\t\t\t\t\t<\/div>\n\t\t\t\t<\/div>\n\t\t\t\t<\/div>\n\t\t<div class=\"elementor-element elementor-element-1626d74 e-con-full e-flex wpr-particle-no wpr-jarallax-no wpr-parallax-no wpr-sticky-section-no e-con e-child\" data-id=\"1626d74\" data-element_type=\"container\">\n\t\t\t\t<div class=\"elementor-element elementor-element-71f7ec2 elementor-widget elementor-widget-text-editor\" data-id=\"71f7ec2\" data-element_type=\"widget\" data-widget_type=\"text-editor.default\">\n\t\t\t\t<div class=\"elementor-widget-container\">\n\t\t\t\t\t\t\t\t\t<p>Comme partout en France, l\u2019arriv\u00e9e du chemin de fer a \u00e9t\u00e9 un facteur important de croissance \u00e9conomique pour la r\u00e9gion et pour le village.<\/p><p><span style=\"text-decoration: underline;\"><span style=\"color: #ff0000;\"><strong>La cr\u00e9ation de la ligne Givors \u2013 Gr\u00e9zan-N\u00eemes<\/strong><\/span><\/span><\/p><p>Cette ligne ferroviaire a \u00e9t\u00e9 cr\u00e9\u00e9e entre 1874 et 1880.<\/p><p>En 1873, le pr\u00e9fet de la Loire avait autoris\u00e9 la construction de la voie ferr\u00e9e sur le tron\u00e7on du d\u00e9partement.<\/p><p>Deux ans plus tard, en 1875 commencent les travaux du tunnel, dont le creusement a drain\u00e9 bon nombre de sources et tari plusieurs puits au village. La dur\u00e9e des travaux f\u00fbt de 3 ans.<\/p><p>Ce tunnel, qui est sous vos pieds traverse tout le village, sur un axe Nord-Sud et mesure 757 m\u00e8tres de longueur.<\/p><p>Le tron\u00e7on Givors \u00e0 La Voulte ouvre en 1879. A partir de cette date, les trains passent \u00e0 Saint Pierre de B\u0153uf mais ne s\u2019y arr\u00eatent pas encore.<\/p><p><span style=\"text-decoration: underline;\"><span style=\"color: #ff0000;\"><strong>Les trains s\u2019arr\u00eatent \u00e0 Saint Pierre de B\u0153uf<\/strong><\/span><\/span><\/p><p><strong>\u00a0<\/strong><span style=\"font-size: inherit; text-align: var(--text-align);\">C\u2019est en 1880 que la municipalit\u00e9 demande l&#8217;arr\u00eat des trains express de voyageurs en gare de Saint Pierre de B\u0153uf. Deux ans plus tard, sont construites la gare de voyageurs et la gare de marchandises.<\/span><\/p><p><strong>\u00a0<\/strong><strong style=\"color: #ff0000; text-decoration-line: underline; font-size: inherit; text-align: var(--text-align);\">Cons\u00e9quences<\/strong><\/p><p>Gr\u00e2ce au chemin de fer, Saint Pierre de B\u0153uf connait un fort essor \u00e9conomique. Les fruits partent par wagons entiers vers Lyon et la capitale. D\u00e9sormais, les cheminots remplacent les mariniers.<\/p><p>Sur le plan touristique, beaucoup de lyonnais viennent le dimanche p\u00eacher \u00e0 la ligne sur les berges du Rh\u00f4ne et prennent l\u2019habitude d\u2019y venir en vill\u00e9giature.<\/p><p>Apr\u00e8s la gare, sur la gauche se trouvait l\u2019ancienne usine de tissage qui a \u00e9t\u00e9 le plus gros employeur du village pendant pr\u00e8s d\u2019un si\u00e8cle.<\/p>\t\t\t\t\t\t\t\t<\/div>\n\t\t\t\t<\/div>\n\t\t\t\t<\/div>\n\t\t\t\t\t<\/div>\n\t\t\t\t<\/div>\n\t\t<div class=\"elementor-element elementor-element-61c05f4 e-flex e-con-boxed wpr-particle-no wpr-jarallax-no wpr-parallax-no wpr-sticky-section-no e-con e-parent\" data-id=\"61c05f4\" data-element_type=\"container\">\n\t\t\t\t\t<div class=\"e-con-inner\">\n\t\t\t\t<div class=\"elementor-element elementor-element-9625c9e elementor-arrows-position-inside elementor-pagination-position-outside elementor-widget elementor-widget-image-carousel\" data-id=\"9625c9e\" data-element_type=\"widget\" data-settings=\"{&quot;slides_to_scroll&quot;:&quot;3&quot;,&quot;navigation&quot;:&quot;both&quot;,&quot;autoplay&quot;:&quot;yes&quot;,&quot;pause_on_hover&quot;:&quot;yes&quot;,&quot;pause_on_interaction&quot;:&quot;yes&quot;,&quot;autoplay_speed&quot;:5000,&quot;infinite&quot;:&quot;yes&quot;,&quot;speed&quot;:500}\" data-widget_type=\"image-carousel.default\">\n\t\t\t\t<div class=\"elementor-widget-container\">\n\t\t\t\t\t\t\t<div class=\"elementor-image-carousel-wrapper swiper\" role=\"region\" aria-roledescription=\"carousel\" aria-label=\"Image Carousel\" dir=\"ltr\">\n\t\t\t<div class=\"elementor-image-carousel swiper-wrapper\" aria-live=\"off\">\n\t\t\t\t\t\t\t\t<div class=\"swiper-slide\" role=\"group\" aria-roledescription=\"slide\" aria-label=\"1 of 10\"><a data-elementor-open-lightbox=\"yes\" data-elementor-lightbox-slideshow=\"9625c9e\" data-e-action-hash=\"#elementor-action%3Aaction%3Dlightbox%26settings%3DeyJpZCI6MTcyNCwidXJsIjoiaHR0cHM6XC9cL3d3dy5sYW1lbW9pcmVwZXRyaWJvY2llbm5lLmZyXC93cC1jb250ZW50XC91cGxvYWRzXC8yMDI0XC8wMVwvTGEtZ2FyZS0yLXNjYWxlZC5qcGciLCJzbGlkZXNob3ciOiI5NjI1YzllIn0%3D\" href=\"https:\/\/www.lamemoirepetribocienne.fr\/wp-content\/uploads\/2024\/01\/La-gare-2-scaled.jpg\"><figure class=\"swiper-slide-inner\"><img decoding=\"async\" class=\"swiper-slide-image\" src=\"https:\/\/www.lamemoirepetribocienne.fr\/wp-content\/uploads\/2024\/01\/La-gare-2-150x150.jpg\" alt=\"La gare 2\" \/><\/figure><\/a><\/div><div class=\"swiper-slide\" role=\"group\" aria-roledescription=\"slide\" aria-label=\"2 of 10\"><a data-elementor-open-lightbox=\"yes\" data-elementor-lightbox-slideshow=\"9625c9e\" data-e-action-hash=\"#elementor-action%3Aaction%3Dlightbox%26settings%3DeyJpZCI6MTcyNSwidXJsIjoiaHR0cHM6XC9cL3d3dy5sYW1lbW9pcmVwZXRyaWJvY2llbm5lLmZyXC93cC1jb250ZW50XC91cGxvYWRzXC8yMDI0XC8wMVwvTGEtZ2FyZS00LXNjYWxlZC5qcGciLCJzbGlkZXNob3ciOiI5NjI1YzllIn0%3D\" href=\"https:\/\/www.lamemoirepetribocienne.fr\/wp-content\/uploads\/2024\/01\/La-gare-4-scaled.jpg\"><figure class=\"swiper-slide-inner\"><img decoding=\"async\" class=\"swiper-slide-image\" src=\"https:\/\/www.lamemoirepetribocienne.fr\/wp-content\/uploads\/2024\/01\/La-gare-4-150x150.jpg\" alt=\"La gare 4\" \/><\/figure><\/a><\/div><div class=\"swiper-slide\" role=\"group\" aria-roledescription=\"slide\" aria-label=\"3 of 10\"><a data-elementor-open-lightbox=\"yes\" data-elementor-lightbox-slideshow=\"9625c9e\" data-e-action-hash=\"#elementor-action%3Aaction%3Dlightbox%26settings%3DeyJpZCI6MTcyNiwidXJsIjoiaHR0cHM6XC9cL3d3dy5sYW1lbW9pcmVwZXRyaWJvY2llbm5lLmZyXC93cC1jb250ZW50XC91cGxvYWRzXC8yMDI0XC8wMVwvTGEtZ2FyZS02LXNjYWxlZC5qcGciLCJzbGlkZXNob3ciOiI5NjI1YzllIn0%3D\" href=\"https:\/\/www.lamemoirepetribocienne.fr\/wp-content\/uploads\/2024\/01\/La-gare-6-scaled.jpg\"><figure class=\"swiper-slide-inner\"><img decoding=\"async\" class=\"swiper-slide-image\" src=\"https:\/\/www.lamemoirepetribocienne.fr\/wp-content\/uploads\/2024\/01\/La-gare-6-150x150.jpg\" alt=\"La gare 6\" \/><\/figure><\/a><\/div><div class=\"swiper-slide\" role=\"group\" aria-roledescription=\"slide\" aria-label=\"4 of 10\"><a data-elementor-open-lightbox=\"yes\" data-elementor-lightbox-slideshow=\"9625c9e\" data-e-action-hash=\"#elementor-action%3Aaction%3Dlightbox%26settings%3DeyJpZCI6MTcyNywidXJsIjoiaHR0cHM6XC9cL3d3dy5sYW1lbW9pcmVwZXRyaWJvY2llbm5lLmZyXC93cC1jb250ZW50XC91cGxvYWRzXC8yMDI0XC8wMVwvTGEtZ2FyZS04LXNjYWxlZC5qcGciLCJzbGlkZXNob3ciOiI5NjI1YzllIn0%3D\" href=\"https:\/\/www.lamemoirepetribocienne.fr\/wp-content\/uploads\/2024\/01\/La-gare-8-scaled.jpg\"><figure class=\"swiper-slide-inner\"><img decoding=\"async\" class=\"swiper-slide-image\" src=\"https:\/\/www.lamemoirepetribocienne.fr\/wp-content\/uploads\/2024\/01\/La-gare-8-150x150.jpg\" alt=\"La gare 8\" \/><\/figure><\/a><\/div><div class=\"swiper-slide\" role=\"group\" aria-roledescription=\"slide\" aria-label=\"5 of 10\"><a data-elementor-open-lightbox=\"yes\" data-elementor-lightbox-slideshow=\"9625c9e\" data-e-action-hash=\"#elementor-action%3Aaction%3Dlightbox%26settings%3DeyJpZCI6MTcyOCwidXJsIjoiaHR0cHM6XC9cL3d3dy5sYW1lbW9pcmVwZXRyaWJvY2llbm5lLmZyXC93cC1jb250ZW50XC91cGxvYWRzXC8yMDI0XC8wMVwvTGEtZ2FyZS05LXNjYWxlZC5qcGciLCJzbGlkZXNob3ciOiI5NjI1YzllIn0%3D\" href=\"https:\/\/www.lamemoirepetribocienne.fr\/wp-content\/uploads\/2024\/01\/La-gare-9-scaled.jpg\"><figure class=\"swiper-slide-inner\"><img decoding=\"async\" class=\"swiper-slide-image\" src=\"https:\/\/www.lamemoirepetribocienne.fr\/wp-content\/uploads\/2024\/01\/La-gare-9-150x150.jpg\" alt=\"La gare 9\" \/><\/figure><\/a><\/div><div class=\"swiper-slide\" role=\"group\" aria-roledescription=\"slide\" aria-label=\"6 of 10\"><a data-elementor-open-lightbox=\"yes\" data-elementor-lightbox-slideshow=\"9625c9e\" data-e-action-hash=\"#elementor-action%3Aaction%3Dlightbox%26settings%3DeyJpZCI6MTcyOSwidXJsIjoiaHR0cHM6XC9cL3d3dy5sYW1lbW9pcmVwZXRyaWJvY2llbm5lLmZyXC93cC1jb250ZW50XC91cGxvYWRzXC8yMDI0XC8wMVwvTGEtZ2FyZS0xMC1zY2FsZWQuanBnIiwic2xpZGVzaG93IjoiOTYyNWM5ZSJ9\" href=\"https:\/\/www.lamemoirepetribocienne.fr\/wp-content\/uploads\/2024\/01\/La-gare-10-scaled.jpg\"><figure class=\"swiper-slide-inner\"><img decoding=\"async\" class=\"swiper-slide-image\" src=\"https:\/\/www.lamemoirepetribocienne.fr\/wp-content\/uploads\/2024\/01\/La-gare-10-150x150.jpg\" alt=\"La gare 10\" \/><\/figure><\/a><\/div><div class=\"swiper-slide\" role=\"group\" aria-roledescription=\"slide\" aria-label=\"7 of 10\"><a data-elementor-open-lightbox=\"yes\" data-elementor-lightbox-slideshow=\"9625c9e\" data-e-action-hash=\"#elementor-action%3Aaction%3Dlightbox%26settings%3DeyJpZCI6MTczMCwidXJsIjoiaHR0cHM6XC9cL3d3dy5sYW1lbW9pcmVwZXRyaWJvY2llbm5lLmZyXC93cC1jb250ZW50XC91cGxvYWRzXC8yMDI0XC8wMVwvTGEtZ2FyZS0xNS1zY2FsZWQuanBnIiwic2xpZGVzaG93IjoiOTYyNWM5ZSJ9\" href=\"https:\/\/www.lamemoirepetribocienne.fr\/wp-content\/uploads\/2024\/01\/La-gare-15-scaled.jpg\"><figure class=\"swiper-slide-inner\"><img decoding=\"async\" class=\"swiper-slide-image\" src=\"https:\/\/www.lamemoirepetribocienne.fr\/wp-content\/uploads\/2024\/01\/La-gare-15-150x150.jpg\" alt=\"La gare 15\" \/><\/figure><\/a><\/div><div class=\"swiper-slide\" role=\"group\" aria-roledescription=\"slide\" aria-label=\"8 of 10\"><a data-elementor-open-lightbox=\"yes\" data-elementor-lightbox-slideshow=\"9625c9e\" data-e-action-hash=\"#elementor-action%3Aaction%3Dlightbox%26settings%3DeyJpZCI6MTczMSwidXJsIjoiaHR0cHM6XC9cL3d3dy5sYW1lbW9pcmVwZXRyaWJvY2llbm5lLmZyXC93cC1jb250ZW50XC91cGxvYWRzXC8yMDI0XC8wMVwvSU1HXzYyMDAtc2NhbGVkLmpwZyIsInNsaWRlc2hvdyI6Ijk2MjVjOWUifQ%3D%3D\" href=\"https:\/\/www.lamemoirepetribocienne.fr\/wp-content\/uploads\/2024\/01\/IMG_6200-scaled.jpg\"><figure class=\"swiper-slide-inner\"><img decoding=\"async\" class=\"swiper-slide-image\" src=\"https:\/\/www.lamemoirepetribocienne.fr\/wp-content\/uploads\/2024\/01\/IMG_6200-150x150.jpg\" alt=\"IMG_6200\" \/><\/figure><\/a><\/div><div class=\"swiper-slide\" role=\"group\" aria-roledescription=\"slide\" aria-label=\"9 of 10\"><a data-elementor-open-lightbox=\"yes\" data-elementor-lightbox-slideshow=\"9625c9e\" data-e-action-hash=\"#elementor-action%3Aaction%3Dlightbox%26settings%3DeyJpZCI6MTczMiwidXJsIjoiaHR0cHM6XC9cL3d3dy5sYW1lbW9pcmVwZXRyaWJvY2llbm5lLmZyXC93cC1jb250ZW50XC91cGxvYWRzXC8yMDI0XC8wMVwvSU1HXzYyMDEtc2NhbGVkLmpwZyIsInNsaWRlc2hvdyI6Ijk2MjVjOWUifQ%3D%3D\" href=\"https:\/\/www.lamemoirepetribocienne.fr\/wp-content\/uploads\/2024\/01\/IMG_6201-scaled.jpg\"><figure class=\"swiper-slide-inner\"><img decoding=\"async\" class=\"swiper-slide-image\" src=\"https:\/\/www.lamemoirepetribocienne.fr\/wp-content\/uploads\/2024\/01\/IMG_6201-150x150.jpg\" alt=\"IMG_6201\" \/><\/figure><\/a><\/div><div class=\"swiper-slide\" role=\"group\" aria-roledescription=\"slide\" aria-label=\"10 of 10\"><a data-elementor-open-lightbox=\"yes\" data-elementor-lightbox-slideshow=\"9625c9e\" data-e-action-hash=\"#elementor-action%3Aaction%3Dlightbox%26settings%3DeyJpZCI6MTczMywidXJsIjoiaHR0cHM6XC9cL3d3dy5sYW1lbW9pcmVwZXRyaWJvY2llbm5lLmZyXC93cC1jb250ZW50XC91cGxvYWRzXC8yMDI0XC8wMVwvSU1HXzYyMDMtc2NhbGVkLmpwZyIsInNsaWRlc2hvdyI6Ijk2MjVjOWUifQ%3D%3D\" href=\"https:\/\/www.lamemoirepetribocienne.fr\/wp-content\/uploads\/2024\/01\/IMG_6203-scaled.jpg\"><figure class=\"swiper-slide-inner\"><img decoding=\"async\" class=\"swiper-slide-image\" src=\"https:\/\/www.lamemoirepetribocienne.fr\/wp-content\/uploads\/2024\/01\/IMG_6203-150x150.jpg\" alt=\"IMG_6203\" \/><\/figure><\/a><\/div>\t\t\t<\/div>\n\t\t\t\t\t\t\t\t\t\t\t\t<div class=\"elementor-swiper-button elementor-swiper-button-prev\" role=\"button\" tabindex=\"0\">\n\t\t\t\t\t\t<svg aria-hidden=\"true\" class=\"e-font-icon-svg e-eicon-chevron-left\" viewBox=\"0 0 1000 1000\" xmlns=\"http:\/\/www.w3.org\/2000\/svg\"><path d=\"M646 125C629 125 613 133 604 142L308 442C296 454 292 471 292 487 292 504 296 521 308 533L604 854C617 867 629 875 646 875 663 875 679 871 692 858 704 846 713 829 713 812 713 796 708 779 692 767L438 487 692 225C700 217 708 204 708 187 708 171 704 154 692 142 675 129 663 125 646 125Z\"><\/path><\/svg>\t\t\t\t\t<\/div>\n\t\t\t\t\t<div class=\"elementor-swiper-button elementor-swiper-button-next\" role=\"button\" tabindex=\"0\">\n\t\t\t\t\t\t<svg aria-hidden=\"true\" class=\"e-font-icon-svg e-eicon-chevron-right\" viewBox=\"0 0 1000 1000\" xmlns=\"http:\/\/www.w3.org\/2000\/svg\"><path d=\"M696 533C708 521 713 504 713 487 713 471 708 454 696 446L400 146C388 133 375 125 354 125 338 125 325 129 313 142 300 154 292 171 292 187 292 204 296 221 308 233L563 492 304 771C292 783 288 800 288 817 288 833 296 850 308 863 321 871 338 875 354 875 371 875 388 867 400 854L696 533Z\"><\/path><\/svg>\t\t\t\t\t<\/div>\n\t\t\t\t\n\t\t\t\t\t\t\t\t\t<div class=\"swiper-pagination\"><\/div>\n\t\t\t\t\t\t\t\t\t<\/div>\n\t\t\t\t\t\t<\/div>\n\t\t\t\t<\/div>\n\t\t\t\t\t<\/div>\n\t\t\t\t<\/div>\n\t\t\t\t<\/div>\n\t\t","protected":false},"excerpt":{"rendered":"<p>ITIN\u00c9RAIRE 1 ET 2 &#8211; POINT 3 Le Chemin de Fer Comme partout en France, l\u2019arriv\u00e9e du chemin de fer a \u00e9t\u00e9 un facteur important de croissance \u00e9conomique pour la r\u00e9gion et pour le village. La cr\u00e9ation de la ligne Givors \u2013 Gr\u00e9zan-N\u00eemes Cette ligne ferroviaire a \u00e9t\u00e9 cr\u00e9\u00e9e entre<\/p>\n<div class=\"pvc_clear\"><\/div>\n<p id=\"pvc_stats_127\" class=\"pvc_stats all  \" data-element-id=\"127\" style=\"\"><i class=\"pvc-stats-icon medium\" aria-hidden=\"true\"><svg aria-hidden=\"true\" focusable=\"false\" data-prefix=\"far\" data-icon=\"chart-bar\" role=\"img\" xmlns=\"http:\/\/www.w3.org\/2000\/svg\" viewBox=\"0 0 512 512\" class=\"svg-inline--fa fa-chart-bar fa-w-16 fa-2x\"><path fill=\"currentColor\" d=\"M396.8 352h22.4c6.4 0 12.8-6.4 12.8-12.8V108.8c0-6.4-6.4-12.8-12.8-12.8h-22.4c-6.4 0-12.8 6.4-12.8 12.8v230.4c0 6.4 6.4 12.8 12.8 12.8zm-192 0h22.4c6.4 0 12.8-6.4 12.8-12.8V140.8c0-6.4-6.4-12.8-12.8-12.8h-22.4c-6.4 0-12.8 6.4-12.8 12.8v198.4c0 6.4 6.4 12.8 12.8 12.8zm96 0h22.4c6.4 0 12.8-6.4 12.8-12.8V204.8c0-6.4-6.4-12.8-12.8-12.8h-22.4c-6.4 0-12.8 6.4-12.8 12.8v134.4c0 6.4 6.4 12.8 12.8 12.8zM496 400H48V80c0-8.84-7.16-16-16-16H16C7.16 64 0 71.16 0 80v336c0 17.67 14.33 32 32 32h464c8.84 0 16-7.16 16-16v-16c0-8.84-7.16-16-16-16zm-387.2-48h22.4c6.4 0 12.8-6.4 12.8-12.8v-70.4c0-6.4-6.4-12.8-12.8-12.8h-22.4c-6.4 0-12.8 6.4-12.8 12.8v70.4c0 6.4 6.4 12.8 12.8 12.8z\" class=\"\"><\/path><\/svg><\/i> <img decoding=\"async\" width=\"16\" height=\"16\" alt=\"Loading\" src=\"https:\/\/www.lamemoirepetribocienne.fr\/wp-content\/plugins\/page-views-count\/ajax-loader-2x.gif\" border=0 \/><\/p>\n<div class=\"pvc_clear\"><\/div>\n","protected":false},"author":1,"featured_media":0,"parent":42,"menu_order":2,"comment_status":"closed","ping_status":"closed","template":"page-templates\/template-pagebuilder-full-width.php","meta":{"footnotes":""},"class_list":["post-127","page","type-page","status-publish","hentry"],"yoast_head":"<!-- This site is optimized with the Yoast SEO plugin v24.6 - https:\/\/yoast.com\/wordpress\/plugins\/seo\/ -->\n<title>ITIN\u00c9RAIRE 1 ET 2 - POINT 3 - LA GARE - LA M\u00c9MOIRE P\u00c9TRIBOCIENNE<\/title>\n<meta name=\"robots\" content=\"index, follow, max-snippet:-1, max-image-preview:large, max-video-preview:-1\" \/>\n<link rel=\"canonical\" href=\"https:\/\/www.lamemoirepetribocienne.fr\/index.php\/les-empreintes-du-temps\/itineraire-1-et-2-point-3\/\" \/>\n<meta property=\"og:locale\" content=\"en_US\" \/>\n<meta property=\"og:type\" content=\"article\" \/>\n<meta property=\"og:title\" content=\"ITIN\u00c9RAIRE 1 ET 2 - POINT 3 - LA GARE - LA M\u00c9MOIRE P\u00c9TRIBOCIENNE\" \/>\n<meta property=\"og:description\" content=\"ITIN\u00c9RAIRE 1 ET 2 &#8211; POINT 3 Le Chemin de Fer Comme partout en France, l\u2019arriv\u00e9e du chemin de fer a \u00e9t\u00e9 un facteur important de croissance \u00e9conomique pour la r\u00e9gion et pour le village. La cr\u00e9ation de la ligne Givors \u2013 Gr\u00e9zan-N\u00eemes Cette ligne ferroviaire a \u00e9t\u00e9 cr\u00e9\u00e9e entre\" \/>\n<meta property=\"og:url\" content=\"https:\/\/www.lamemoirepetribocienne.fr\/index.php\/les-empreintes-du-temps\/itineraire-1-et-2-point-3\/\" \/>\n<meta property=\"og:site_name\" content=\"LA M\u00c9MOIRE P\u00c9TRIBOCIENNE\" \/>\n<meta property=\"article:modified_time\" content=\"2024-02-03T16:05:18+00:00\" \/>\n<meta property=\"og:image\" content=\"http:\/\/www.lamemoirepetribocienne.fr\/wp-content\/uploads\/2024\/02\/Photo-AI-10-point-3-corrige.jpg\" \/>\n<meta name=\"twitter:card\" content=\"summary_large_image\" \/>\n<meta name=\"twitter:label1\" content=\"Est. reading time\" \/>\n\t<meta name=\"twitter:data1\" content=\"5 minutes\" \/>\n<script type=\"application\/ld+json\" class=\"yoast-schema-graph\">{\"@context\":\"https:\/\/schema.org\",\"@graph\":[{\"@type\":\"WebPage\",\"@id\":\"https:\/\/www.lamemoirepetribocienne.fr\/index.php\/les-empreintes-du-temps\/itineraire-1-et-2-point-3\/\",\"url\":\"https:\/\/www.lamemoirepetribocienne.fr\/index.php\/les-empreintes-du-temps\/itineraire-1-et-2-point-3\/\",\"name\":\"ITIN\u00c9RAIRE 1 ET 2 - POINT 3 - LA GARE - LA M\u00c9MOIRE P\u00c9TRIBOCIENNE\",\"isPartOf\":{\"@id\":\"https:\/\/www.lamemoirepetribocienne.fr\/#website\"},\"primaryImageOfPage\":{\"@id\":\"https:\/\/www.lamemoirepetribocienne.fr\/index.php\/les-empreintes-du-temps\/itineraire-1-et-2-point-3\/#primaryimage\"},\"image\":{\"@id\":\"https:\/\/www.lamemoirepetribocienne.fr\/index.php\/les-empreintes-du-temps\/itineraire-1-et-2-point-3\/#primaryimage\"},\"thumbnailUrl\":\"http:\/\/www.lamemoirepetribocienne.fr\/wp-content\/uploads\/2024\/02\/Photo-AI-10-point-3-corrige.jpg\",\"datePublished\":\"2023-12-10T16:11:15+00:00\",\"dateModified\":\"2024-02-03T16:05:18+00:00\",\"breadcrumb\":{\"@id\":\"https:\/\/www.lamemoirepetribocienne.fr\/index.php\/les-empreintes-du-temps\/itineraire-1-et-2-point-3\/#breadcrumb\"},\"inLanguage\":\"en-US\",\"potentialAction\":[{\"@type\":\"ReadAction\",\"target\":[\"https:\/\/www.lamemoirepetribocienne.fr\/index.php\/les-empreintes-du-temps\/itineraire-1-et-2-point-3\/\"]}]},{\"@type\":\"ImageObject\",\"inLanguage\":\"en-US\",\"@id\":\"https:\/\/www.lamemoirepetribocienne.fr\/index.php\/les-empreintes-du-temps\/itineraire-1-et-2-point-3\/#primaryimage\",\"url\":\"https:\/\/www.lamemoirepetribocienne.fr\/wp-content\/uploads\/2024\/02\/Photo-AI-10-point-3-corrige.jpg\",\"contentUrl\":\"https:\/\/www.lamemoirepetribocienne.fr\/wp-content\/uploads\/2024\/02\/Photo-AI-10-point-3-corrige.jpg\",\"width\":1024,\"height\":1024},{\"@type\":\"BreadcrumbList\",\"@id\":\"https:\/\/www.lamemoirepetribocienne.fr\/index.php\/les-empreintes-du-temps\/itineraire-1-et-2-point-3\/#breadcrumb\",\"itemListElement\":[{\"@type\":\"ListItem\",\"position\":1,\"name\":\"Accueil\",\"item\":\"https:\/\/www.lamemoirepetribocienne.fr\/\"},{\"@type\":\"ListItem\",\"position\":2,\"name\":\"LES EMPREINTES DU TEMPS &#8211; POINT 0\",\"item\":\"https:\/\/www.lamemoirepetribocienne.fr\/index.php\/les-empreintes-du-temps\/\"},{\"@type\":\"ListItem\",\"position\":3,\"name\":\"ITIN\u00c9RAIRE 1 ET 2 &#8211; POINT 3 &#8211; LA GARE\"}]},{\"@type\":\"WebSite\",\"@id\":\"https:\/\/www.lamemoirepetribocienne.fr\/#website\",\"url\":\"https:\/\/www.lamemoirepetribocienne.fr\/\",\"name\":\"LA M\u00c9MOIRE P\u00c9TRIBOCIENNE\",\"description\":\"Rendre pr\u00e9sent le pass\u00e9 pour assurer l&#039;avenir\",\"publisher\":{\"@id\":\"https:\/\/www.lamemoirepetribocienne.fr\/#organization\"},\"potentialAction\":[{\"@type\":\"SearchAction\",\"target\":{\"@type\":\"EntryPoint\",\"urlTemplate\":\"https:\/\/www.lamemoirepetribocienne.fr\/?s={search_term_string}\"},\"query-input\":{\"@type\":\"PropertyValueSpecification\",\"valueRequired\":true,\"valueName\":\"search_term_string\"}}],\"inLanguage\":\"en-US\"},{\"@type\":\"Organization\",\"@id\":\"https:\/\/www.lamemoirepetribocienne.fr\/#organization\",\"name\":\"LA M\u00c9MOIRE P\u00c9TRIBOCIENNE\",\"url\":\"https:\/\/www.lamemoirepetribocienne.fr\/\",\"logo\":{\"@type\":\"ImageObject\",\"inLanguage\":\"en-US\",\"@id\":\"https:\/\/www.lamemoirepetribocienne.fr\/#\/schema\/logo\/image\/\",\"url\":\"https:\/\/www.lamemoirepetribocienne.fr\/wp-content\/uploads\/2023\/12\/Logo-LMB-Saint-Pierre-v4.jpg\",\"contentUrl\":\"https:\/\/www.lamemoirepetribocienne.fr\/wp-content\/uploads\/2023\/12\/Logo-LMB-Saint-Pierre-v4.jpg\",\"width\":644,\"height\":383,\"caption\":\"LA M\u00c9MOIRE P\u00c9TRIBOCIENNE\"},\"image\":{\"@id\":\"https:\/\/www.lamemoirepetribocienne.fr\/#\/schema\/logo\/image\/\"}}]}<\/script>\n<!-- \/ Yoast SEO plugin. -->","yoast_head_json":{"title":"ITIN\u00c9RAIRE 1 ET 2 - POINT 3 - LA GARE - LA M\u00c9MOIRE P\u00c9TRIBOCIENNE","robots":{"index":"index","follow":"follow","max-snippet":"max-snippet:-1","max-image-preview":"max-image-preview:large","max-video-preview":"max-video-preview:-1"},"canonical":"https:\/\/www.lamemoirepetribocienne.fr\/index.php\/les-empreintes-du-temps\/itineraire-1-et-2-point-3\/","og_locale":"en_US","og_type":"article","og_title":"ITIN\u00c9RAIRE 1 ET 2 - POINT 3 - LA GARE - LA M\u00c9MOIRE P\u00c9TRIBOCIENNE","og_description":"ITIN\u00c9RAIRE 1 ET 2 &#8211; POINT 3 Le Chemin de Fer Comme partout en France, l\u2019arriv\u00e9e du chemin de fer a \u00e9t\u00e9 un facteur important de croissance \u00e9conomique pour la r\u00e9gion et pour le village. La cr\u00e9ation de la ligne Givors \u2013 Gr\u00e9zan-N\u00eemes Cette ligne ferroviaire a \u00e9t\u00e9 cr\u00e9\u00e9e entre","og_url":"https:\/\/www.lamemoirepetribocienne.fr\/index.php\/les-empreintes-du-temps\/itineraire-1-et-2-point-3\/","og_site_name":"LA M\u00c9MOIRE P\u00c9TRIBOCIENNE","article_modified_time":"2024-02-03T16:05:18+00:00","og_image":[{"url":"http:\/\/www.lamemoirepetribocienne.fr\/wp-content\/uploads\/2024\/02\/Photo-AI-10-point-3-corrige.jpg","type":"","width":"","height":""}],"twitter_card":"summary_large_image","twitter_misc":{"Est. reading time":"5 minutes"},"schema":{"@context":"https:\/\/schema.org","@graph":[{"@type":"WebPage","@id":"https:\/\/www.lamemoirepetribocienne.fr\/index.php\/les-empreintes-du-temps\/itineraire-1-et-2-point-3\/","url":"https:\/\/www.lamemoirepetribocienne.fr\/index.php\/les-empreintes-du-temps\/itineraire-1-et-2-point-3\/","name":"ITIN\u00c9RAIRE 1 ET 2 - POINT 3 - LA GARE - LA M\u00c9MOIRE P\u00c9TRIBOCIENNE","isPartOf":{"@id":"https:\/\/www.lamemoirepetribocienne.fr\/#website"},"primaryImageOfPage":{"@id":"https:\/\/www.lamemoirepetribocienne.fr\/index.php\/les-empreintes-du-temps\/itineraire-1-et-2-point-3\/#primaryimage"},"image":{"@id":"https:\/\/www.lamemoirepetribocienne.fr\/index.php\/les-empreintes-du-temps\/itineraire-1-et-2-point-3\/#primaryimage"},"thumbnailUrl":"http:\/\/www.lamemoirepetribocienne.fr\/wp-content\/uploads\/2024\/02\/Photo-AI-10-point-3-corrige.jpg","datePublished":"2023-12-10T16:11:15+00:00","dateModified":"2024-02-03T16:05:18+00:00","breadcrumb":{"@id":"https:\/\/www.lamemoirepetribocienne.fr\/index.php\/les-empreintes-du-temps\/itineraire-1-et-2-point-3\/#breadcrumb"},"inLanguage":"en-US","potentialAction":[{"@type":"ReadAction","target":["https:\/\/www.lamemoirepetribocienne.fr\/index.php\/les-empreintes-du-temps\/itineraire-1-et-2-point-3\/"]}]},{"@type":"ImageObject","inLanguage":"en-US","@id":"https:\/\/www.lamemoirepetribocienne.fr\/index.php\/les-empreintes-du-temps\/itineraire-1-et-2-point-3\/#primaryimage","url":"https:\/\/www.lamemoirepetribocienne.fr\/wp-content\/uploads\/2024\/02\/Photo-AI-10-point-3-corrige.jpg","contentUrl":"https:\/\/www.lamemoirepetribocienne.fr\/wp-content\/uploads\/2024\/02\/Photo-AI-10-point-3-corrige.jpg","width":1024,"height":1024},{"@type":"BreadcrumbList","@id":"https:\/\/www.lamemoirepetribocienne.fr\/index.php\/les-empreintes-du-temps\/itineraire-1-et-2-point-3\/#breadcrumb","itemListElement":[{"@type":"ListItem","position":1,"name":"Accueil","item":"https:\/\/www.lamemoirepetribocienne.fr\/"},{"@type":"ListItem","position":2,"name":"LES EMPREINTES DU TEMPS &#8211; POINT 0","item":"https:\/\/www.lamemoirepetribocienne.fr\/index.php\/les-empreintes-du-temps\/"},{"@type":"ListItem","position":3,"name":"ITIN\u00c9RAIRE 1 ET 2 &#8211; POINT 3 &#8211; LA GARE"}]},{"@type":"WebSite","@id":"https:\/\/www.lamemoirepetribocienne.fr\/#website","url":"https:\/\/www.lamemoirepetribocienne.fr\/","name":"LA M\u00c9MOIRE P\u00c9TRIBOCIENNE","description":"Rendre pr\u00e9sent le pass\u00e9 pour assurer l&#039;avenir","publisher":{"@id":"https:\/\/www.lamemoirepetribocienne.fr\/#organization"},"potentialAction":[{"@type":"SearchAction","target":{"@type":"EntryPoint","urlTemplate":"https:\/\/www.lamemoirepetribocienne.fr\/?s={search_term_string}"},"query-input":{"@type":"PropertyValueSpecification","valueRequired":true,"valueName":"search_term_string"}}],"inLanguage":"en-US"},{"@type":"Organization","@id":"https:\/\/www.lamemoirepetribocienne.fr\/#organization","name":"LA M\u00c9MOIRE P\u00c9TRIBOCIENNE","url":"https:\/\/www.lamemoirepetribocienne.fr\/","logo":{"@type":"ImageObject","inLanguage":"en-US","@id":"https:\/\/www.lamemoirepetribocienne.fr\/#\/schema\/logo\/image\/","url":"https:\/\/www.lamemoirepetribocienne.fr\/wp-content\/uploads\/2023\/12\/Logo-LMB-Saint-Pierre-v4.jpg","contentUrl":"https:\/\/www.lamemoirepetribocienne.fr\/wp-content\/uploads\/2023\/12\/Logo-LMB-Saint-Pierre-v4.jpg","width":644,"height":383,"caption":"LA M\u00c9MOIRE P\u00c9TRIBOCIENNE"},"image":{"@id":"https:\/\/www.lamemoirepetribocienne.fr\/#\/schema\/logo\/image\/"}}]}},"_links":{"self":[{"href":"https:\/\/www.lamemoirepetribocienne.fr\/index.php\/wp-json\/wp\/v2\/pages\/127","targetHints":{"allow":["GET"]}}],"collection":[{"href":"https:\/\/www.lamemoirepetribocienne.fr\/index.php\/wp-json\/wp\/v2\/pages"}],"about":[{"href":"https:\/\/www.lamemoirepetribocienne.fr\/index.php\/wp-json\/wp\/v2\/types\/page"}],"author":[{"embeddable":true,"href":"https:\/\/www.lamemoirepetribocienne.fr\/index.php\/wp-json\/wp\/v2\/users\/1"}],"replies":[{"embeddable":true,"href":"https:\/\/www.lamemoirepetribocienne.fr\/index.php\/wp-json\/wp\/v2\/comments?post=127"}],"version-history":[{"count":38,"href":"https:\/\/www.lamemoirepetribocienne.fr\/index.php\/wp-json\/wp\/v2\/pages\/127\/revisions"}],"predecessor-version":[{"id":2874,"href":"https:\/\/www.lamemoirepetribocienne.fr\/index.php\/wp-json\/wp\/v2\/pages\/127\/revisions\/2874"}],"up":[{"embeddable":true,"href":"https:\/\/www.lamemoirepetribocienne.fr\/index.php\/wp-json\/wp\/v2\/pages\/42"}],"wp:attachment":[{"href":"https:\/\/www.lamemoirepetribocienne.fr\/index.php\/wp-json\/wp\/v2\/media?parent=127"}],"curies":[{"name":"wp","href":"https:\/\/api.w.org\/{rel}","templated":true}]}}